{"id":3,"date":"2023-03-23T01:33:38","date_gmt":"2023-03-23T00:33:38","guid":{"rendered":"https:\/\/normafasihaz.hu\/?page_id=3"},"modified":"2025-10-30T14:40:11","modified_gmt":"2025-10-30T13:40:11","slug":"adatkezelesi-tajekoztato","status":"publish","type":"page","link":"https:\/\/normafasihaz.hu\/en\/adatkezelesi-tajekoztato\/","title":{"rendered":"Adatkezel\u00e9si t\u00e1j\u00e9koztat\u00f3"},"content":{"rendered":"<div data-elementor-type=\"wp-page\" data-elementor-id=\"3\" class=\"elementor elementor-3\" data-elementor-post-type=\"page\">\n\t\t\t\t<div class=\"elementor-element elementor-element-74f039b5 e-flex e-con-boxed e-con e-parent\" data-id=\"74f039b5\" data-element_type=\"container\" data-e-type=\"container\">\n\t\t\t\t\t<div class=\"e-con-inner\">\n\t\t\t\t<div class=\"elementor-element elementor-element-58c43c8c elementor-widget elementor-widget-text-editor\" data-id=\"58c43c8c\" data-element_type=\"widget\" data-e-type=\"widget\" data-widget_type=\"text-editor.default\">\n\t\t\t\t<div class=\"elementor-widget-container\">\n\t\t\t\t\t\t\t\t\t\n<p>HAT\u00c1LYOS: 2023.11.27.<\/p>\n\n\n\n<p>1, BEVEZET\u0150<\/p>\n\n\n\n<p>Sz\u00e1munkra nagyon fontos, hogy betartsuk az aktu\u00e1lisan \u00e9rv\u00e9nyes adatv\u00e9delmi szab\u00e1lyoz\u00e1st \u00e9s t\u00f6rv\u00e9nyeket, \u00edgy az al\u00e1bbiakban r\u00e9szletesen t\u00e1rgyaljuk bemutatjuk a <a href=\"https:\/\/normafasihaz.hu\/en\/fotopalyazat\/\">https:\/\/normafasihaz.hu\/fotopalyazat<\/a> oldal \u00e9s a Bp Essentials Korl\u00e1tolt Felel\u0151ss\u00e9g\u0171 T\u00e1rsas\u00e1g c\u00e9g adatv\u00e9delemre ir\u00e1nyul\u00f3 l\u00e9p\u00e9seit, \u00e9s az adatgy\u0171jt\u00e9ssel kapcsolatos folyamatait.<\/p>\n\n\n\n<p>Az adatokat az Bp Essentials Korl\u00e1tolt Felel\u0151ss\u00e9g\u0171 T\u00e1rsas\u00e1g kezeli, \u00e9s ez a c\u00e9g felel\u0151s a szem\u00e9lyes adatok kezel\u00e9s\u00e9\u00e9rt.<\/p>\n\n\n\n<p>Kapcsolati adatok:<\/p>\n\n\n\n<p>Teljes jogi n\u00e9v: Bp Essentials Korl\u00e1tolt Felel\u0151ss\u00e9g\u0171 T\u00e1rsas\u00e1g<\/p>\n\n\n\n<p>E-mail c\u00edm: info@normafasihaz.hu<\/p>\n\n\n\n<p>Postai c\u00edm: 1121 Budapest, E\u00f6tv\u00f6s \u00fat 48-50.<\/p>\n\n\n\n<p>2, MILYEN SZEM\u00c9LYES ADATOKAT KEZEL\u00dcNK, \u00c9S MILYEN OKKAL?<\/p>\n\n\n\n<p>A szem\u00e9lyes adatok azok, amik egy\u00e9rtelm\u0171en lehet\u0151v\u00e9 teszik egy egy\u00e9n pontos azonos\u00edt\u00e1s\u00e1t. A Bp Essentials Korl\u00e1tolt Felel\u0151ss\u00e9g\u0171 T\u00e1rsas\u00e1g lehet\u0151s\u00e9get biztos\u00edt arra, hogy a honlapon megadott el\u00e9rhet\u0151s\u00e9geken (els\u0151sorban a <em>minormafank@normafasihaz.hu <\/em>e-mail c\u00edmen) kereszt\u00fcl kapcsolatba l\u00e9pjenek vel\u00fcnk, \u00e9rdekl\u0151djenek a p\u00e1ly\u00e1zatokkal vagy a Normafa S\u00edh\u00e1z \u00c9tterem \u00e1ltal ny\u00fajtott szolg\u00e1ltat\u00e1sokkal kapcsolatban. Ennek sor\u00e1n kezelj\u00fck az \u00e9rintettek vezet\u00e9k- \u00e9s keresztnev\u00e9t, kapcsolattart\u00e1si adatait (e-mail c\u00edm, esetleg telefonsz\u00e1m), illetve az inform\u00e1ci\u00f3k\u00e9r\u00e9s sor\u00e1n az \u00e9rintett \u00e1ltal megadott egy\u00e9b szem\u00e9lyes adatot. Az adatkezel\u00e9s c\u00e9lja kapcsolatfelv\u00e9tel biztos\u00edt\u00e1sa, kapcsolattart\u00e1s, t\u00e1j\u00e9koztat\u00e1s ny\u00fajt\u00e1sa.<\/p>\n\n\n\n<p>KOMMUNIK\u00c1CI\u00d3S ADATOK<\/p>\n\n\n\n<p>Ide tartozik b\u00e1rmilyen \u00fczenet, amit e-mailben, k\u00f6z\u00f6ss\u00e9gi m\u00e9dia \u00fczenetben, vagy b\u00e1rmilyen kommunik\u00e1ci\u00f3s form\u00e1ban juttatsz el hozz\u00e1nk.<\/p>\n\n\n\n<p>Ezeket az adatokat az\u00e9rt dolgozzuk fel \u00e9s tartjuk meg, hogy a p\u00e1ly\u00e1z\u00f3kat \u00e9s a bek\u00fcld\u00f6tt p\u00e1ly\u00e1zatukat azonos\u00edtani tudjuk, \u00e9s hogy esetleges jogi ig\u00e9nyek eset\u00e9n d\u00f6nt\u00e9si alapot szolg\u00e1ltassanak.<\/p>\n\n\n\n<p>A jogalapunk ennek a feldolgoz\u00e1s\u00e1ra a felhaszn\u00e1l\u00f3 igazolhat\u00f3 \u00e9rdekl\u0151d\u00e9se a tev\u00e9kenys\u00e9g\u00fcnk fel\u00e9, ami megnyilv\u00e1nul a nek\u00fcnk c\u00edmzett \u00fczenetekben.<\/p>\n\n\n\n<p>FELHASZN\u00c1L\u00d3I ADATOK<\/p>\n\n\n\n<p>Amibe beletartoznak a fot\u00f3p\u00e1ly\u00e1zat sor\u00e1n keletkez\u0151 adatok, amik lehet\u0151v\u00e9 teszik a p\u00e1ly\u00e1z\u00f3k<\/p>\n\n\n\n<p>Az adatok feldolgoz\u00e1s\u00e1nak jogalapja a felhaszn\u00e1l\u00f3 egy\u00e9rtelm\u0171 \u00e9rdekl\u0151d\u00e9se a tev\u00e9kenys\u00e9g\u00fcnk fel\u00e9, aminek a biztos\u00edt\u00e1s\u00e1hoz \u00e9s az oldal technikai m\u0171k\u00f6d\u00e9s\u00e9hez ezeknek a t\u00e1rol\u00e1sa sz\u00fcks\u00e9ges.<\/p>\n\n\n\n<p>TECHNIKAI ADATOK<\/p>\n\n\n\n<p>Amibe beletartoznak az oldal haszn\u00e1lata sor\u00e1n keletkezett adatok, mint az IP c\u00edm, a bejelentkez\u00e9si inf\u00f3k, b\u00f6ng\u00e9sz\u0151 adatok, az egyes oldalak l\u00e1togat\u00e1si ideje, oldalmegtekint\u00e9sek \u00e9s navig\u00e1ci\u00f3s utak, az oldalak l\u00e1togat\u00e1s\u00e1nak sz\u00e1ma \u00e9s id\u0151pontja, id\u0151z\u00f3n\u00e1k, \u00e9s a k\u00e9sz\u00fcl\u00e9k adatai, amivel megtekinted az oldalt.<\/p>\n\n\n\n<p>Az adatok forr\u00e1sa az analitikai szoftver\u00fcnk.<\/p>\n\n\n\n<p>Ezeket az adatokat az\u00e9rt dolgozzuk fel, hogy kielemezz\u00fck a felhaszn\u00e1l\u00f3k szok\u00e1sait az oldalon, meg\u0151rizz\u00fck az oldalunk biztons\u00e1gos m\u0171k\u00f6d\u00e9s\u00e9t, \u00e9s meg\u00e9rts\u00fck az egyes marketingd\u00f6nt\u00e9seink hasznoss\u00e1g\u00e1t.<\/p>\n\n\n\n<p>Az adatok feldolgoz\u00e1s\u00e1nak jogalapja a felhaszn\u00e1l\u00f3 egy\u00e9rtelm\u0171 \u00e9rdekl\u0151d\u00e9se a tev\u00e9kenys\u00e9g\u00fcnk fel\u00e9, ami lehet\u0151v\u00e9 teszi a sz\u00e1munkra, hogy a biztons\u00e1gi elv\u00e1r\u00e1soknak megfelel\u0151en feldolgozzuk ezeket az adatokat, \u00e9s az \u00fczlet n\u00f6vel\u00e9s\u00e9re felhaszn\u00e1ljuk a hat\u00e1sosabb m\u0171k\u00f6d\u00e9s \u00e9rdek\u00e9ben.<\/p>\n\n\n\n<p>A tev\u00e9kenys\u00e9g\u00fcnk sor\u00e1n nem gy\u0171jt\u00fcnk olyan \u00e9rz\u00e9keny adatokat, mint etnicit\u00e1s, vall\u00e1si szeml\u00e9let, szexu\u00e1lis \u00e9let \u00e9s orient\u00e1ci\u00f3, politikai v\u00e9lem\u00e9nyek \u00e9s szakszervezeti tags\u00e1g, vagy eg\u00e9szs\u00e9g\u00fcgyi h\u00e1tt\u00e9r, \u00e9s genetikai vagy biometrikai inform\u00e1ci\u00f3k.<\/p>\n\n\n\n<p>3, HOGYAN GY\u0170JT\u00dcNK ADATOKAT?<\/p>\n\n\n\n<p>Szem\u00e9lyes adatokat gy\u0171jthet\u00fcnk olyan m\u00f3don, hogy a felhaszn\u00e1l\u00f3 direkten biztos\u00edtja a sz\u00e1munkra (p\u00e9ld\u00e1ul egy rendel\u00e9s felad\u00e1s\u00e1val, vagy egy \u00fczenet k\u00fcld\u00e9s\u00e9vel).<\/p>\n\n\n\n<p>Tov\u00e1bb\u00e1 bizonyos adatokat automatikusan ker\u00fclnek gy\u0171jt\u00e9sre az oldal haszn\u00e1lata sor\u00e1n, p\u00e9ld\u00e1ul \u00fa.n. \u201ccookie\u201d-kkal \u00e9s hasonl\u00f3 technol\u00f3gi\u00e1kkal. Ezek csak a felhaszn\u00e1l\u00f3 hozz\u00e1j\u00e1rul\u00e1s\u00e1nak megad\u00e1sa ut\u00e1n l\u00e9pnek m\u0171k\u00f6d\u00e9sbe.<\/p>\n\n\n\n<p>B\u0151vebb inform\u00e1ci\u00f3\u00e9rt k\u00e9rj\u00fck n\u00e9zze meg a Cookie Nyilatkozatunkat.<\/p>\n\n\n\n<p>Bizonyos adatokat k\u00fcls\u0151 partnerekt\u0151l fogadunk, mint p\u00e9ld\u00e1ul analitikai szolg\u00e1ltat\u00f3kt\u00f3l, mint a Google (EU-n k\u00edv\u00fcli partner), hirdet\u00e9si h\u00e1l\u00f3zatokt\u00f3l, mint a Facebook\u2122 (EU-n k\u00edv\u00fcli partner), illetve fizet\u00e9si lehet\u0151s\u00e9get biztos\u00edt\u00f3 partnerek, mint a PayPal (EU-n k\u00edv\u00fcli partner) \u00e9s a Barion.<\/p>\n\n\n\n<p>4, AZ ADATV\u00c9DELEMMEL KAPCSOLATOS GYAKORLATI L\u00c9P\u00c9SEINK<\/p>\n\n\n\n<p>A Bp Essentials Korl\u00e1tolt Felel\u0151ss\u00e9g\u0171 T\u00e1rsas\u00e1g sz\u00e1m\u00e1ra rendk\u00edv\u00fcl fontos a felhaszn\u00e1l\u00f3k adatainak v\u00e9delme, \u00e9s a hat\u00e1lyos szab\u00e1lyoz\u00e1snak val\u00f3 megfelel\u00e9s. Ez\u00e9rt az oldalon v\u00e9gzett adatv\u00e9delmi hat\u00e1svizsg\u00e1lat ut\u00e1n list\u00e1t k\u00e9sz\u00edtett\u00fcnk a gy\u0171jt\u00f6tt adatokr\u00f3l, azoknak a sz\u00fcks\u00e9gess\u00e9g\u00e9r\u0151l \u00e9s jogalapj\u00e1r\u00f3l, \u00e9s t\u00f6rv\u00e9nyi megfelel\u0151s\u00e9g\u00e9r\u0151l.<\/p>\n\n\n\n<p>Az \u0171rlapokon megadott \u00e9s oldalon keletkez\u0151 adatok v\u00e9delme \u00e9rdek\u00e9ben SSL min\u0151s\u00edt\u00e9st alkalmazunk a teljes weboldalon (Let\u2019s Encrypt Authority X3 certifik\u00e1ci\u00f3).<\/p>\n\n\n\n<p>Az oldal t\u00e1mad\u00e1s elleni v\u00e9delme \u00e9rdek\u00e9ben pr\u00e9mium biztons\u00e1gi szoftvert (iThemes Security Pro) alkalmazunk, hogy \u00fa.n. \u201cbrute force\u201d \u00e9s v\u00edrusos t\u00e1mad\u00e1sok ellen v\u00e9dj\u00fck a t\u00e1rolt adatokat.<\/p>\n\n\n\n<p>Az oldal adatb\u00e1zisaiban a v\u00e1s\u00e1rl\u00e1si \u00e9s felhaszn\u00e1l\u00f3i adatok titkos\u00edtott form\u00e1ban (pszeudonimiz\u00e1lt m\u00f3don) vannak t\u00e1rolva, \u00edgy nem olvashat\u00f3ak k\u00fcls\u0151 f\u00e9l sz\u00e1m\u00e1ra.<\/p>\n\n\n\n<p>Jelen adatv\u00e9delmi nyilatkozatban \u0171rlapokon kereszt\u00fcl biztos\u00edtjuk a felhaszn\u00e1l\u00f3k sz\u00e1m\u00e1ra a szem\u00e9lyes adataik kezel\u00e9s\u00e9r\u0151l inform\u00e1ci\u00f3 ig\u00e9nyl\u00e9s\u00e9t, a szem\u00e9lyes adataik m\u00f3dos\u00edt\u00e1s\u00e1t vagy t\u00f6rl\u00e9s\u00e9t.<\/p>\n\n\n\n<p>Id\u0151nk\u00e9nt az \u00fczleti tev\u00e9kenys\u00e9g\u00fcnk \u00e9rdek\u00e9ben sz\u00fcks\u00e9gszer\u0171 szolg\u00e1ltat\u00f3 partnereink sz\u00e1m\u00e1ra adatokat biztos\u00edtani (p\u00e9ld\u00e1ul t\u00e1rhelyszolg\u00e1ltat\u00f3, fut\u00e1rc\u00e9g, h\u00edrlev\u00e9lk\u00fcld\u0151 szoftver).<\/p>\n\n\n\n<p>Ilyen esetben mindig \u00fagy v\u00e1lasztunk, hogy a GDPR rendelet elv\u00e1r\u00e1sainak megfeleljenek, \u00e9s USA b\u00e1zis\u00fa partner eset\u00e9ben az EU-US Privacy Shield adatv\u00e9delmi kezdem\u00e9nyez\u00e9sben r\u00e9szt vegyenek, valamint adatkezel\u00e9si szerz\u0151d\u00e9st iratunk vel\u00fck al\u00e1, biztos\u00edtva az adatok felel\u0151s kezel\u00e9s\u00e9t.<\/p>\n\n\n\n<p>4, MARKETING KOMMUNIK\u00c1CI\u00d3<\/p>\n\n\n\n<p>A v\u00e1llalkoz\u00e1s tev\u00e9kenys\u00e9ge sor\u00e1n n\u00e9lk\u00fcl\u00f6zhetetlen fontoss\u00e1g\u00fa marketingkommunik\u00e1ci\u00f3 folytat\u00e1sa. Az ezzel kapcsolatos adatkezel\u00e9s jogalapja az \u00e9rdekl\u0151d\u00e9s mutat\u00e1sa a szolg\u00e1ltat\u00e1saink fel\u00e9, vagy a felhaszn\u00e1l\u00f3k kifejezett hozz\u00e1j\u00e1rul\u00e1sa.<\/p>\n\n\n\n<p>Az Eur\u00f3pai Uni\u00f3 Privacy and Electronic Communications Regulations (PECR) szab\u00e1lyoz\u00e1sa alapj\u00e1n marketing c\u00e9l\u00fa \u00fczeneteket k\u00fcld\u00fcnk a felhaszn\u00e1l\u00f3inknak, ha v\u00e1s\u00e1roltak t\u0151l\u00fcnk, vagy kifejezetten hozz\u00e1j\u00e1rultak marketing \u00fczenetek fogad\u00e1s\u00e1hoz.<\/p>\n\n\n\n<p>A hozz\u00e1j\u00e1rul\u00e1s felf\u00fcggeszt\u00e9s\u00e9t, \u00e9s az \u00fczenetekr\u0151l val\u00f3 leiratkoz\u00e1st minden esetben j\u00f3l l\u00e1that\u00f3 m\u00f3don lehet\u0151v\u00e9 tessz\u00fck. Minden egyes e-mail alj\u00e1n megtal\u00e1lhat\u00f3 a leiratkoz\u00e1shoz sz\u00fcks\u00e9ges link, vagy az adatb\u00e1zisb\u00f3l val\u00f3 elt\u00e1vol\u00edt\u00e1s k\u00e9rhet\u0151 az info@normafasihaz.hu e-mail c\u00edmen.<\/p>\n\n\n\n<p>A marketing kommunik\u00e1ci\u00f3r\u00f3l val\u00f3 leiratkoz\u00e1s eset\u00e9n is k\u00fcldhet\u00fcnk \u00fczeneteket, de csak a rendel\u00e9sek teljes\u00edt\u00e9s\u00e9re vonatkoz\u00f3an.<\/p>\n\n\n\n<p>5, MEGJEGYZ\u00c9S A SZEM\u00c9LYES ADATOKRA VONATKOZ\u00d3AN<\/p>\n\n\n\n<p>Id\u0151nk\u00e9nt sz\u00fcks\u00e9gszer\u0171 bizonyos szem\u00e9lyes adatokat megosztani bizonyos partnereinkkel a norm\u00e1l \u00fczletmenet fenntart\u00e1sa \u00e9rdek\u00e9ben:<\/p>\n\n\n\n<p>&#8211; IT szolg\u00e1ltat\u00f3k, \u00e9s a sz\u00e1m\u00edt\u00e1stechnikai rendszereken hibaelh\u00e1r\u00edt\u00e1st \u00e9s karbantart\u00e1st v\u00e9gz\u0151 szolg\u00e1ltat\u00f3k<\/p>\n\n\n\n<p>-Szak\u00e9rt\u0151i partnerek, mint \u00fcgyv\u00e9dek, k\u00f6nyvel\u0151k, bank\u00e1rok, biztos\u00edt\u00f3k<\/p>\n\n\n\n<p>-Korm\u00e1nyzati szervek, amik a tev\u00e9kenys\u00e9g\u00fcnkr\u0151l k\u00e9rnek besz\u00e1mol\u00e1st<\/p>\n\n\n\n<p>-Fizet\u00e9si szolg\u00e1ltat\u00f3k, akik biztons\u00e1gosan kezelik a bankk\u00e1rtya adatokat<\/p>\n\n\n\n<p>-Fut\u00e1rszolg\u00e1latok, akik teljes\u00edtik a bej\u00f6v\u0151 rendel\u00e9seket a megadott sz\u00e1ll\u00edt\u00e1si c\u00edmre<\/p>\n\n\n\n<p>Nemzetk\u00f6zi adattranszferek<\/p>\n\n\n\n<p>A felhaszn\u00e1l\u00f3k adatait id\u0151nk\u00e9nt az \u00fczletmenet fenntart\u00e1sa \u00e9rdek\u00e9ben sz\u00fcks\u00e9gszer\u0171 megosztanunk az Eur\u00f3pai Gazdas\u00e1gi T\u00e9rs\u00e9gen (EGT) k\u00edv\u00fcl szolg\u00e1ltat\u00f3 partnerekkel.<\/p>\n\n\n\n<p>Az EGT-n k\u00edv\u00fcli orsz\u00e1gok sok esetben nem biztos\u00edtanak azonos szint\u0171 v\u00e9delmet az adatoknak, ez\u00e9rt az eur\u00f3pai t\u00f6rv\u00e9nyek tiltj\u00e1k az adatok kivitel\u00e9t, a megfelel\u0151 felt\u00e9telek teljes\u00fcl\u00e9s\u00e9nek hi\u00e1ny\u00e1ban.<\/p>\n\n\n\n<p>B\u00e1rmikor, amikor a szem\u00e9lyes adatok az EGT-n k\u00edv\u00fclre ker\u00fclnek megtessz\u00fck a 4. pontban t\u00e1rgyalt l\u00e9p\u00e9seken fel\u00fcl az al\u00e1bbiakat az adatok biztons\u00e1gos kezel\u00e9s\u00e9nek \u00e9rdek\u00e9ben:<\/p>\n\n\n\n<p>-Csak olyan orsz\u00e1gokba tov\u00e1bb\u00edtjuk az adatokat, amiket az Eur\u00f3pai Bizotts\u00e1g adatbiztons\u00e1g szempontj\u00e1b\u00f3l megfelel\u0151nek tart.<\/p>\n\n\n\n<p>-Csak olyan USA b\u00e1zis\u00fa szolg\u00e1ltat\u00e1sokat haszn\u00e1lunk, amik r\u00e9sze az EU-US Privacy Shield elnevez\u00e9s\u0171 adatbiztons\u00e1gi kezdem\u00e9nyez\u00e9snek.<\/p>\n\n\n\n<p>Ha a fentiek nem teljes\u00fclnek, a kifejezett hozz\u00e1j\u00e1rul\u00e1s\u00e1t k\u00e9rj\u00fck a felhaszn\u00e1l\u00f3knak az adattranszfer megt\u00e9tel\u00e9re. A hozz\u00e1j\u00e1rul\u00e1s b\u00e1rmikor visszavonhat\u00f3.<\/p>\n\n\n\n<p>K\u00fcls\u0151 oldalakra vezet\u0151 linkek<\/p>\n\n\n\n<p>Ez az oldal id\u0151nk\u00e9nt tartalmaz k\u00fcls\u0151 oldalakra vezet\u0151 linkeket, vagy az oldalba be\u00e1gyazva tal\u00e1lhat\u00f3ak k\u00f3dr\u00e9szletek, amik k\u00fcls\u0151 szolg\u00e1ltat\u00e1sok m\u0171k\u00f6d\u00e9s\u00e9t biztos\u00edtj\u00e1k.<\/p>\n\n\n\n<p>Ezeknek a linkeknek a kattint\u00e1sa, vagy a be\u00e1gyazott megold\u00e1sok haszn\u00e1lata lehet\u0151v\u00e9 teheti k\u00fcls\u0151 partnereknek, hogy adatokat gy\u0171jtsenek a felhaszn\u00e1l\u00f3kr\u00f3l.<\/p>\n\n\n\n<p>B\u00e1r mindent megtesz\u00fcnk a partnerek megfelel\u0151 \u00e1tvizsg\u00e1l\u00e1sa \u00e9rdek\u00e9ben, de nincs ir\u00e1ny\u00edt\u00e1sunk az \u0151 adatv\u00e9delmi elveik felett, \u00e9s nem vagyunk felel\u0151sek az \u0151 adatkezel\u00e9si elveik\u00e9rt.<\/p>\n\n\n\n<p>6, ADATKEZEL\u00c9S ID\u0150TARTAMA<\/p>\n\n\n\n<p>A felhaszn\u00e1l\u00f3k adatait mindig csak addig t\u00e1roljuk, am\u00edg jogi\/k\u00f6nyvel\u00e9si\/adatszolg\u00e1ltat\u00e1si k\u00f6telezetts\u00e9geink azt k\u00f6telez\u0151v\u00e9 teszik, illetve a szolg\u00e1ltat\u00e1s m\u0171k\u00f6dtet\u00e9s\u00e9hez sz\u00fcks\u00e9ges.<\/p>\n\n\n\n<p>Amikor a t\u00e1rol\u00e1s id\u0151tartam\u00e1r\u00f3l d\u00f6nt\u00fcnk, figyelembe vessz\u00fck az adatok mennyis\u00e9g\u00e9t, jelleg\u00e9t \u00e9s \u00e9rz\u00e9kenys\u00e9g\u00e9t, \u00e9s a kisziv\u00e1rg\u00e1s\u00e1nak potenci\u00e1lis hat\u00e1s\u00e1t adatv\u00e9delmi incidens eset\u00e9n.<\/p>\n\n\n\n<p>Ad\u00f3z\u00e1si okokb\u00f3l sz\u00fcks\u00e9ges meg\u0151rizn\u00fcnk a v\u00e1s\u00e1rl\u00f3k sz\u00e1ml\u00e1z\u00e1si \u00e9s v\u00e1s\u00e1rl\u00e1si adatait legal\u00e1bb 8 \u00e9vig, hogy jogi k\u00f6telezetts\u00e9geinkenk eleget tegy\u00fcnk.<\/p>\n\n\n\n<p>Bizonyos k\u00f6r\u00fclm\u00e9nyek k\u00f6z\u00f6tt anonimiz\u00e1lt form\u00e1ban felhaszn\u00e1lhatjuk az adatokat statisztikai c\u00e9lokra, ami esetben t\u00e1j\u00e9koztat\u00e1s n\u00e9lk\u00fcl t\u00e1roljuk korl\u00e1tlan ideig az adatokat.<\/p>\n\n\n\n<p>7. A SZEM\u00c9LYES ADATOKHOZ HOZZ\u00c1F\u00c9R\u0150K K\u00d6RE, C\u00cdMZETTEK<\/p>\n\n\n\n<p>Az adatok kezel\u00e9s\u00e9re kiz\u00e1r\u00f3lag a Bp Essentials Korl\u00e1tolt Felel\u0151ss\u00e9g\u0171 T\u00e1rsas\u00e1g erre felhatalmazott munkat\u00e1rsai jogosultak.<\/p>\n\n\n\n<p>A Bp Essentials Korl\u00e1tolt Felel\u0151ss\u00e9g\u0171 T\u00e1rsas\u00e1g<\/p>\n\n\n\n<p>\u2022&nbsp;&nbsp;&nbsp;&nbsp;&nbsp;&nbsp;&nbsp;&nbsp;&nbsp;&nbsp; a honlap alkalmaz\u00e1s-\u00fczemeltet\u00e9s\u00e9re&nbsp; \u00e9s a honlap tartalommenedzsment-feladatainak ell\u00e1t\u00e1s\u00e1ra a Mitte Communications Strat\u00e9giai Kommunik\u00e1ci\u00f3s \u00e9s Tan\u00e1csad\u00f3 Kft. (sz\u00e9khely: 1137 Budapest, J\u00e1szai Mari t\u00e9r 5-6., c\u00e9gjegyz\u00e9ksz\u00e1m: 01-09-1179304)<\/p>\n\n\n\n<p>szolg\u00e1ltat\u00e1sait veszi ig\u00e9nybe, amely v\u00e1llalkoz\u00e1sok e tev\u00e9kenys\u00e9g\u00fck sor\u00e1n a GDPR rendelkez\u00e9sei alapj\u00e1n adatfeldolgoz\u00f3nak min\u0151s\u00fclnek. Az adatfeldolgoz\u00f3k a Bp Essentials Korl\u00e1tolt Felel\u0151ss\u00e9g\u0171 T\u00e1rsas\u00e1g utas\u00edt\u00e1sai alapj\u00e1n a Bp Essentials Korl\u00e1tolt Felel\u0151ss\u00e9g\u0171 T\u00e1rsas\u00e1g \u00e1ltal k\u00e9rt technikai jelleg\u0171 feladatokat v\u00e9gzik el.<\/p>\n\n\n\n<p>A Bp Essentials Korl\u00e1tolt Felel\u0151ss\u00e9g\u0171 T\u00e1rsas\u00e1g adatokat harmadik szem\u00e9lynek kiz\u00e1r\u00f3lag abban az esetben ad \u00e1t, amennyiben azt t\u00f6rv\u00e9ny k\u00f6telez\u0151en \u00edrja el\u0151, vagy az arra jogosult szem\u00e9ly ehhez hitelt \u00e9rdeml\u0151 m\u00f3don hozz\u00e1j\u00e1rult. Amennyiben b\u00edr\u00f3s\u00e1g vagy m\u00e1s hat\u00f3s\u00e1g el\u0151tt elj\u00e1r\u00e1s indul, amelynek keret\u00e9ben sz\u00fcks\u00e9gess\u00e9 v\u00e1lik a szem\u00e9lyes adatok tov\u00e1bb\u00edt\u00e1sa a hat\u00e1sk\u00f6rrel \u00e9s illet\u00e9kess\u00e9ggel rendelkez\u0151 b\u00edr\u00f3s\u00e1g vagy m\u00e1s hat\u00f3s\u00e1g fel\u00e9, abban az esetben az adott b\u00edr\u00f3s\u00e1g vagy hat\u00f3s\u00e1g is<\/p>\n\n\n\n<p>8, A honlapon ny\u00fajtott t\u00e1j\u00e9koztat\u00e1sokkal, p\u00e1ly\u00e1zatokkal kapcsolatban kezelt adatok<\/p>\n\n\n\n<p>A Bp Essentials Korl\u00e1tolt Felel\u0151ss\u00e9g\u0171 T\u00e1rsas\u00e1g a honlapon t\u00e1j\u00e9koztat\u00e1st ny\u00fajt a Normafa S\u00edh\u00e1z \u00c9tterem \u00e1ltal ki\u00edrt p\u00e1ly\u00e1zatokkal kapcsolatos h\u00edrekr\u0151l \u00e9s esem\u00e9nyekr\u0151l, bele\u00e9rtve a zs\u0171ri tagjair\u00f3l \u00e9s a nyertesekr\u0151l k\u00e9sz\u00fclt t\u00e1j\u00e9koztat\u00e1sokat is, amelyek kapcs\u00e1n kezelik az \u00e9rintett szem\u00e9lyek egyes, adott esetben nyilv\u00e1nosan m\u00e1s forr\u00e1sb\u00f3l is el\u00e9rhet\u0151 szem\u00e9lyes adatait. Ezek az adatok a zs\u0171ritagok eset\u00e9ben a n\u00e9v, egyes szakmai \u00e9letrajzi adatok \u00e9s a f\u00e9nyk\u00e9pfelv\u00e9tel; a nyertesek eset\u00e9ben a n\u00e9v, a p\u00e1lyam\u0171 c\u00edme \u00e9s a p\u00e1lyam\u0171.<\/p>\n\n\n\n<p>9, A L\u00c1TOGAT\u00d3 JOGAI<\/p>\n\n\n\n<p>Az Eur\u00f3pai Uni\u00f3 \u00e1llampolg\u00e1rak\u00e9nt a General Data Protection Regulation (GDPR) elnevez\u00e9s\u0171 t\u00f6rv\u00e9ny a k\u00f6vetkez\u0151 jogokat biztos\u00edtja az oldal felhaszn\u00e1l\u00f3inak:<\/p>\n\n\n\n<p>a, Hozz\u00e1f\u00e9r\u00e9s a szem\u00e9lyes adatokhoz<\/p>\n\n\n\n<p>Az oldal felhaszn\u00e1l\u00f3inak jog\u00e1ban \u00e1ll k\u00e9rnie egy m\u00e1solatot a Bp Essentials Korl\u00e1tolt Felel\u0151ss\u00e9g\u0171 T\u00e1rsas\u00e1g \u00e1ltal t\u00e1rolt szem\u00e9lyes adatokr\u00f3l. A k\u00e9r\u00e9s \u00e1ltal\u00e1nos esetben ingyenesen teljes\u00edt\u00e9sre ker\u00fcl, a k\u00e9rv\u00e9nyez\u00e9s ut\u00e1n 14 napon bel\u00fcl.<\/p>\n\n\n\n<p>Ism\u00e9telt, vissza\u00e9l\u00e9sszer\u0171, indok n\u00e9lk\u00fcli adatk\u00e9rv\u00e9nyez\u00e9s eset\u00e9n a Bp Essentials Korl\u00e1tolt Felel\u0151ss\u00e9g\u0171 T\u00e1rsas\u00e1g egy m\u00e9rs\u00e9kelt \u00f6sszeget sz\u00e1m\u00edthat fel az adatok biztos\u00edt\u00e1s\u00e1ra, \u00e9s tov\u00e1bbi id\u0151re lehet sz\u00fcks\u00e9g az adatok biztos\u00edt\u00e1s\u00e1hoz.<\/p>\n\n\n\n<p>Tov\u00e1bb\u00e1 a Bp Essentials Korl\u00e1tolt Felel\u0151ss\u00e9g\u0171 T\u00e1rsas\u00e1g&nbsp; k\u00e9ri a szem\u00e9lyazonoss\u00e1g bizony\u00edt\u00e1s\u00e1t az adatok kiad\u00e1sa el\u0151tt, megel\u0151zend\u0151 a vissza\u00e9l\u00e9sszer\u0171 haszn\u00e1latot. A szem\u00e9lyes adatok kik\u00e9r\u00e9s\u00e9hez k\u00e9rj\u00fck haszn\u00e1lja az al\u00e1bbi kapcsolatfelv\u00e9teli \u0171rlapot:<\/p>\n\n\n\n<p>Adatig\u00e9nyl\u00e9s \/ Adatt\u00f6rl\u00e9s \/Adatkorl\u00e1toz\u00e1s<\/p>\n\n\n\n<p>KONTAKTFEL\u00dcLET BEILLESZT\u00c9SE<\/p>\n\n\n\n<p>b, Szem\u00e9lyes adatok m\u00f3dos\u00edt\u00e1sa<\/p>\n\n\n\n<p>Amennyiben a szem\u00e9lyes adatok m\u00f3dosultak, vagy t\u00e9vesen lettek megadva, a felhaszn\u00e1l\u00f3knak joga van az adatok m\u00f3dos\u00edt\u00e1s\u00e1t k\u00e9rni. A szem\u00e9lyes adatok m\u00f3dos\u00edt\u00e1s\u00e1hoz k\u00e9rj\u00fck keressen fel minket az a Bp Essentials Korl\u00e1tolt Felel\u0151ss\u00e9g\u0171 T\u00e1rsas\u00e1g e-mail c\u00edmen.<\/p>\n\n\n\n<p>c, Szem\u00e9lyes adatok t\u00f6rl\u00e9s\u00e9nek k\u00e9r\u00e9se<\/p>\n\n\n\n<p>A felhaszn\u00e1l\u00f3knak joga van az \u00f6sszes szem\u00e9lyes adatuk t\u00f6rl\u00e9s\u00e9t k\u00e9rni. A k\u00e9r\u00e9st ingyenesen teljes\u00edtj\u00fck a k\u00e9r\u00e9st k\u00f6vet\u0151 14 napon bel\u00fcl. A szem\u00e9lyes adatok t\u00f6rl\u00e9se ut\u00e1n a felhaszn\u00e1l\u00f3i fi\u00f3k nem lesz el\u00e9rhet\u0151, \u00edgy az esetleg megv\u00e1s\u00e1rolt anyagok is el\u00e9rhetetlenn\u00e9 v\u00e1lnak, mivel a felhaszn\u00e1l\u00f3i fi\u00f3khoz kapcsol\u00f3d\u00f3 szem\u00e9lyes adatok elengedhetetlen\u00fcl sz\u00fcks\u00e9gesek a szolg\u00e1ltat\u00e1s el\u00e9r\u00e9s\u00e9hez.<\/p>\n\n\n\n<p>A Bp Essentials Korl\u00e1tolt Felel\u0151ss\u00e9g\u0171 T\u00e1rsas\u00e1g k\u00e9ri a szem\u00e9lyazonoss\u00e1g bizony\u00edt\u00e1s\u00e1t a szem\u00e9lyes adatok t\u00f6rl\u00e9se el\u0151tt, megel\u0151zend\u0151 a vissza\u00e9l\u00e9sszer\u0171 haszn\u00e1latot. A szem\u00e9lyes adatok t\u00f6rl\u00e9s\u00e9hez k\u00e9rj\u00fck haszn\u00e1lja a fenti kapcsolatfelv\u00e9teli \u0171rlapot.<\/p>\n\n\n\n<p>d, A szem\u00e9lyes adatok feldolgoz\u00e1s\u00e1nak korl\u00e1toz\u00e1s\u00e1nak k\u00e9r\u00e9se<\/p>\n\n\n\n<p>A felhaszn\u00e1l\u00f3knak joga van k\u00e9r\u00e9sben korl\u00e1tozni az adataik rendelkez\u00e9s\u00e9re bocs\u00e1t\u00e1s\u00e1t harmadik felek (szolg\u00e1ltat\u00f3 partnerek) sz\u00e1m\u00e1ra. A k\u00e9r\u00e9s beny\u00fajt\u00e1sa sor\u00e1n megnevezhet\u0151ek a korl\u00e1tozni k\u00edv\u00e1nt szolg\u00e1ltat\u00f3 partnerek is.<\/p>\n\n\n\n<p>Fontos megjegyezni, hogy bizonyos szolg\u00e1ltat\u00f3kkal val\u00f3 egy\u00fcttm\u0171k\u00f6d\u00e9s n\u00e9lk\u00fcl\u00f6zhetetlen az oldal m\u0171k\u00f6d\u00e9s\u00e9hez (pl: Barion, mint fizet\u00e9si szolg\u00e1ltat\u00f3), \u00edgy az \u0151 korl\u00e1toz\u00e1suk eset\u00e9n az oldal szolg\u00e1ltat\u00e1sai el\u00e9rhetetlenn\u00e9 v\u00e1lnak a felhaszn\u00e1l\u00f3 sz\u00e1m\u00e1ra.<\/p>\n\n\n\n<p>A Bp Essentials Korl\u00e1tolt Felel\u0151ss\u00e9g\u0171 T\u00e1rsas\u00e1g k\u00e9ri a szem\u00e9lyazonoss\u00e1g bizony\u00edt\u00e1s\u00e1t a szem\u00e9lyes adatok \u00e1tad\u00e1s\u00e1nak korl\u00e1toz\u00e1sa el\u0151tt, megel\u0151zend\u0151 a vissza\u00e9l\u00e9sszer\u0171 haszn\u00e1latot. A szem\u00e9lyes adatok \u00e1tad\u00e1s\u00e1nak korl\u00e1toz\u00e1s\u00e1hoz k\u00e9rj\u00fck haszn\u00e1lja a fenti kapcsolatfelv\u00e9teli \u0171rlapot:<\/p>\n\n\n\n<p>Magyarorsz\u00e1gon az adatv\u00e9delemmel foglalkoz\u00f3 hivatalos szerv a Nemzeti Adatv\u00e9delmi \u00e9s Inform\u00e1ci\u00f3szabads\u00e1g Hat\u00f3s\u00e1g (NAIH). A felhaszn\u00e1l\u00f3k az adatv\u00e9delemmel kapcsolatos jogaikr\u00f3l a NAIH honlapj\u00e1n t\u00e1j\u00e9koz\u00f3dhatnak b\u0151vebben.<\/p>\n\n\n\n<p>Nemzeti Adatv\u00e9delmi \u00e9s Inform\u00e1ci\u00f3szabads\u00e1g Hat\u00f3s\u00e1g,<\/p>\n\n\n\n<p>1125 Budapest, Szil\u00e1gyi Erzs\u00e9bet fasor 22\/C., Levelez\u00e9si c\u00edm: 1530 Budapest, Pf.: 5.,<\/p>\n\n\n\n<p>Telefon: 06.1.391.1400,<\/p>\n\n\n\n<p>Fax: 06.1.391.1410,<\/p>\n\n\n\n<p>E-mail: ugyfelszolgalat@naih.hu<\/p>\n\n\n\n<p>Honlap: http:\/\/www.naih.hu<\/p>\n\t\t\t\t\t\t\t\t<\/div>\n\t\t\t\t<\/div>\n\t\t\t\t\t<\/div>\n\t\t\t\t<\/div>\n\t\t\t\t<\/div>","protected":false},"excerpt":{"rendered":"<p>HAT\u00c1LYOS: 2023.11.27. 1, BEVEZET\u0150 Sz\u00e1munkra nagyon fontos, hogy betartsuk az aktu\u00e1lisan \u00e9rv\u00e9nyes adatv\u00e9delmi szab\u00e1lyoz\u00e1st \u00e9s t\u00f6rv\u00e9nyeket, \u00edgy az al\u00e1bbiakban r\u00e9szletesen t\u00e1rgyaljuk bemutatjuk a https:\/\/normafasihaz.hu\/fotopalyazat oldal \u00e9s a Bp Essentials Korl\u00e1tolt Felel\u0151ss\u00e9g\u0171 T\u00e1rsas\u00e1g c\u00e9g adatv\u00e9delemre ir\u00e1nyul\u00f3 l\u00e9p\u00e9seit, \u00e9s az adatgy\u0171jt\u00e9ssel kapcsolatos folyamatait. Az adatokat az Bp Essentials Korl\u00e1tolt Felel\u0151ss\u00e9g\u0171 T\u00e1rsas\u00e1g kezeli, \u00e9s ez a c\u00e9g felel\u0151s [&hellip;]<\/p>","protected":false},"author":2,"featured_media":0,"parent":0,"menu_order":0,"comment_status":"closed","ping_status":"closed","template":"","meta":{"_acf_changed":false,"_seopress_robots_primary_cat":"","_seopress_titles_title":"","_seopress_titles_desc":"","_seopress_robots_index":"","iawp_total_views":32,"footnotes":""},"class_list":["post-3","page","type-page","status-publish","hentry"],"acf":[],"_links":{"self":[{"href":"https:\/\/normafasihaz.hu\/en\/wp-json\/wp\/v2\/pages\/3","targetHints":{"allow":["GET"]}}],"collection":[{"href":"https:\/\/normafasihaz.hu\/en\/wp-json\/wp\/v2\/pages"}],"about":[{"href":"https:\/\/normafasihaz.hu\/en\/wp-json\/wp\/v2\/types\/page"}],"author":[{"embeddable":true,"href":"https:\/\/normafasihaz.hu\/en\/wp-json\/wp\/v2\/users\/2"}],"replies":[{"embeddable":true,"href":"https:\/\/normafasihaz.hu\/en\/wp-json\/wp\/v2\/comments?post=3"}],"version-history":[{"count":8,"href":"https:\/\/normafasihaz.hu\/en\/wp-json\/wp\/v2\/pages\/3\/revisions"}],"predecessor-version":[{"id":3854,"href":"https:\/\/normafasihaz.hu\/en\/wp-json\/wp\/v2\/pages\/3\/revisions\/3854"}],"wp:attachment":[{"href":"https:\/\/normafasihaz.hu\/en\/wp-json\/wp\/v2\/media?parent=3"}],"curies":[{"name":"wp","href":"https:\/\/api.w.org\/{rel}","templated":true}]}}