{"id":2193,"date":"2024-02-22T16:52:30","date_gmt":"2024-02-22T15:52:30","guid":{"rendered":"https:\/\/normafasihaz.hu\/?page_id=2193"},"modified":"2025-10-30T14:40:23","modified_gmt":"2025-10-30T13:40:23","slug":"adatvedelmi-tajekoztato","status":"publish","type":"page","link":"https:\/\/normafasihaz.hu\/en\/adatvedelmi-tajekoztato\/","title":{"rendered":"Privacy"},"content":{"rendered":"<div data-elementor-type=\"wp-page\" data-elementor-id=\"2193\" class=\"elementor elementor-2193\" data-elementor-post-type=\"page\">\n\t\t\t\t<div class=\"elementor-element elementor-element-44d302c4 e-flex e-con-boxed e-con e-parent\" data-id=\"44d302c4\" data-element_type=\"container\" data-e-type=\"container\">\n\t\t\t\t\t<div class=\"e-con-inner\">\n\t\t\t\t<div class=\"elementor-element elementor-element-4d8ce70 elementor-widget elementor-widget-text-editor\" data-id=\"4d8ce70\" data-element_type=\"widget\" data-e-type=\"widget\" data-widget_type=\"text-editor.default\">\n\t\t\t\t<div class=\"elementor-widget-container\">\n\t\t\t\t\t\t\t\t\t\n<p><strong>A NORMA S\u00cdH\u00c1Z \u00c9P\u00dcLET\u00c9BEN M\u0170K\u00d6DTETETT ELEKTRONIKUS T\u00c9RFIGYEL\u0150 RENDSZER ADATKEZEL\u00c9SI SZAB\u00c1LYZATA<\/strong><\/p>\n\n<p>Ezen szab\u00e1lyzat a S\u00edh\u00e1z \u00c9tterem Kft. (tov\u00e1bbiakban Adatkezel\u0151) \u00e1ltal \u00fczemeltetett Normafa S\u00edh\u00e1z \u00e9p\u00fclet\u00e9ben m\u0171k\u00f6dtett elektronikus t\u00e9rfigyel\u0151 rendszer \u00e1ltal r\u00f6gz\u00edtett adatokra vonatkoz\u00f3 szab\u00e1lyokat tartalmazza:<\/p>\n\n<p><strong>1. A kezelt adatok k\u00f6re<\/strong><\/p>\n\n<p>A Normafa S\u00edh\u00e1z \u00e9p\u00fclet\u00e9ben a bej\u00e1ratn\u00e1l, a vend\u00e9gt\u00e9rben, a pavilonban, a h\u00e1ts\u00f3 teraszon, az els\u0151 teraszon \u00e9s a pultn\u00e1l a mozg\u00e1s megfigyel\u00e9se elektronikus megfigyel\u00e9si rendszerrel t\u00f6rt\u00e9nik, melynek sor\u00e1n szem\u00e9lyes adatokat tartalmaz\u00f3 k\u00e9pfelv\u00e9telek k\u00e9sz\u00fclnek.<\/p>\n\n<p>A kamerarendszert a Reziliens Bt. m\u0171k\u00f6dteti.<\/p>\n\n<p><strong>2. Az adatkezel\u00e9s c\u00e9lja<\/strong><\/p>\n\n<p>A megfigyel\u00e9s \u00e9s a k\u00e9pfelv\u00e9telek r\u00f6gz\u00edt\u00e9s\u00e9nek c\u00e9lja a munkahely ter\u00fclet\u00e9n tart\u00f3zkod\u00f3 szem\u00e9lyek \u00e9let\u00e9nek, testi \u00e9ps\u00e9g\u00e9nek valamint a c\u00e9g vagyont\u00e1rgyainak v\u00e9delme. Tov\u00e1bbi c\u00e9l a jogs\u00e9rt\u00e9sek megel\u0151z\u00e9se \u00e9s \u00e9szlel\u00e9se, az elk\u00f6vet\u0151 tetten\u00e9r\u00e9se, illetve a felv\u00e9telek bizony\u00edt\u00e9kk\u00e9nt t\u00f6rt\u00e9n\u0151 felhaszn\u00e1l\u00e1sa a hat\u00f3s\u00e1gi elj\u00e1r\u00e1sok keret\u00e9ben.<\/p>\n\n<p><strong>3. Az adatkezel\u00e9s jogalapja<\/strong><\/p>\n\n<p>A munkav\u00e1llal\u00f3k az elektronikus t\u00e9rfigyel\u0151rendszerrel v\u00e9gzett adatkezel\u00e9sr\u0151l t\u00e1j\u00e9koztat\u00e1st kapnak.<\/p>\n\n<p>Az elektronikus t\u00e9rfigyel\u0151 rendszer alkalmaz\u00e1s\u00e1r\u00f3l a ter\u00fcleten megjelenni k\u00edv\u00e1n\u00f3 tov\u00e1bbi szem\u00e9lyek r\u00e9sz\u00e9re j\u00f3l l\u00e1that\u00f3 helyen, j\u00f3l olvashat\u00f3an, t\u00e1j\u00e9koz\u00f3d\u00e1st el\u0151seg\u00edt\u0151 m\u00f3don, ismertet\u0151 ker\u00fcl kihelyezni. Az ismertet\u0151 sz\u00f6veg\u00e9t a szab\u00e1lyzat 1. mell\u00e9klete tartalmazza.<\/p>\n\n<p>Az elektronikus t\u00e9rfigyel\u0151 rendszer alkalmaz\u00e1s\u00e1hoz a munkaviszonyban vagy egy\u00e9b munkav\u00e9gz\u00e9s ell\u00e1t\u00e1s\u00e1ra ir\u00e1nyul\u00f3 jogviszonyban nem \u00e1ll\u00f3 szem\u00e9lyek hozz\u00e1j\u00e1rul\u00e1sa \u00f6nk\u00e9ntes, r\u00e1utal\u00f3 magatart\u00e1ssal t\u00f6rt\u00e9nik, akik az \u00e9p\u00fcletbe l\u00e9p\u00e9s\u00fckkel elfogadj\u00e1k, hogy r\u00f3luk felv\u00e9telek k\u00e9sz\u00fclhetnek, \u00e9s azok a szab\u00e1lyzatban meghat\u00e1rozottak szerint felhaszn\u00e1lhat\u00f3k.<\/p>\n\n<p><strong>4. Az adatkezel\u00e9s id\u0151tartama<\/strong><\/p>\n\n<p>A k\u00e9pfelv\u00e9teleket a c\u00e9g k\u00f6zponti felvev\u0151 egys\u00e9gen 7 munkanapig t\u00e1roljuk.<\/p>\n\n<p><strong>5. Az adatkezel\u00e9s jogosults\u00e1gi k\u00f6re<\/strong><\/p>\n\n<p>A kamer\u00e1kkal folyamatosan sug\u00e1rzott k\u00e9pek megtekint\u00e9s\u00e9re kiz\u00e1r\u00f3lag a szab\u00e1lyzat 2. mell\u00e9klet\u00e9ben felsorolt szem\u00e9lyek jogosultak.<\/p>\n\n<p>A kamer\u00e1k \u00e1ltal k\u00e9sz\u00edtett \u00e9s t\u00e1rol\u00e1sra ker\u00fclt felv\u00e9teleket kiz\u00e1r\u00f3lag a szab\u00e1lyzat 2. mell\u00e9klet\u00e9ben felsorolt szem\u00e9lyek n\u00e9zhetik vissza.<\/p>\n\n<p>A kamer\u00e1k \u00e1ltal k\u00e9sz\u00edtett \u00e9s t\u00e1rol\u00e1sra ker\u00fclt felv\u00e9telekr\u0151l ment\u00e9st kiz\u00e1r\u00f3lag a szab\u00e1lyzat 2. mell\u00e9klet\u00e9ben felsorolt szem\u00e9lyek k\u00e9sz\u00edthetnek.<\/p>\n\n<p><strong>6. Az adatbiztons\u00e1gi int\u00e9zked\u00e9sek<\/strong><\/p>\n\n<p><strong>6.1.<\/strong> A k\u00e9pfelv\u00e9telek megtekint\u00e9s\u00e9re \u00e9s visszan\u00e9z\u00e9s\u00e9re szolg\u00e1l\u00f3 monitor \u00fagy ker\u00fcl elhelyez\u00e9sre, hogy a k\u00e9pfelv\u00e9telek sug\u00e1rz\u00e1sa alatt azokat a jogosults\u00e1gi k\u00f6r\u00f6n k\u00edv\u00fcl m\u00e1s szem\u00e9ly ne l\u00e1ssa, ismerhesse meg.<\/p>\n\n<p><strong>6.2.<\/strong> A megfigyel\u00e9st \u00e9s a t\u00e1rolt k\u00e9pfelv\u00e9telek visszan\u00e9z\u00e9s\u00e9t kiz\u00e1r\u00f3lag a jogs\u00e9rt\u0151 cselekm\u00e9nyek kisz\u0171r\u00e9se, az azok megsz\u00fcntet\u00e9s\u00e9hez sz\u00fcks\u00e9ges int\u00e9zked\u00e9sek kezdem\u00e9nyez\u00e9se c\u00e9lj\u00e1b\u00f3l tehetik. A kamer\u00e1k \u00e1ltal sug\u00e1rzott k\u00e9pekr\u0151l a k\u00f6zponti felvev\u0151 egys\u00e9gen k\u00edv\u00fcl m\u00e1s eszk\u00f6zzel felv\u00e9telt k\u00e9sz\u00edteni nem lehet.<\/p>\n\n<p><strong>6.3.<\/strong> A t\u00e1rolt k\u00e9pfelv\u00e9telekhez t\u00f6rt\u00e9n\u0151 hozz\u00e1f\u00e9r\u00e9s csak biztons\u00e1gos m\u00f3don, \u00e9s csak \u00fagy t\u00f6rt\u00e9nhet, hogy az adatkezel\u0151 szem\u00e9lye azonos\u00edthat\u00f3 legyen. A t\u00e1rolt k\u00e9pfelv\u00e9telek visszan\u00e9z\u00e9s\u00e9t \u00e9s a k\u00e9pfelv\u00e9telekr\u0151l k\u00e9sz\u00edtett ment\u00e9st dokument\u00e1lni kell. A jogosults\u00e1g indok\u00e1nak megsz\u0171n\u00e9se eset\u00e9n a t\u00e1rolt k\u00e9pfelv\u00e9telekhez t\u00f6rt\u00e9n\u0151 hozz\u00e1f\u00e9r\u00e9st halad\u00e9ktalanul meg kell sz\u00fcntetni.<\/p>\n\n<p><strong>6.4.<\/strong> A r\u00f6gz\u00edt\u0151 k\u00e9sz\u00fcl\u00e9kben elk\u00fcl\u00f6n\u00edtett merevlemezr\u0151l fut az oper\u00e1ci\u00f3s rendszer, \u00e9s a r\u00f6gz\u00edt\u00e9sre ker\u00fclt felv\u00e9teleket is csak ezen a merevlemezen t\u00e1rolj\u00e1k. A felv\u00e9telekr\u0151l k\u00fcl\u00f6n biztons\u00e1gi m\u00e1solat nem k\u00e9sz\u00fcl.<\/p>\n\n<p><strong>6.5.<\/strong> Jogs\u00e9rt\u0151 cselekm\u00e9ny \u00e9szlel\u00e9s\u00e9t k\u00f6vet\u0151en a sz\u00fcks\u00e9ges hat\u00f3s\u00e1gi elj\u00e1r\u00e1s halad\u00e9ktalan megkezd\u00e9s\u00e9r\u0151l \u00e9s a cselekm\u00e9nyr\u0151l k\u00e9sz\u00fclt felv\u00e9telek t\u00e1rol\u00e1s\u00e1r\u00f3l int\u00e9zkedni kell, egyben t\u00e1j\u00e9koztatni kell a hat\u00f3s\u00e1got, hogy a cselekm\u00e9nyr\u0151l k\u00e9pfelv\u00e9tel k\u00e9sz\u00fclt.<\/p>\n\n<p>Az adatok szolg\u00e1ltat\u00e1s\u00e1r\u00f3l k\u00fcl\u00f6n nyilv\u00e1ntart\u00e1st kell vezetni.<\/p>\n\n<p><strong>7.<\/strong> Kamer\u00e1k elhelyez\u00e9se<\/p>\n\n<p>A kamer\u00e1k az al\u00e1bbi helyeken ker\u00fcltek elhelyez\u00e9sre:<\/p>\n\n<ul class=\"wp-block-list\">\n<li>a bej\u00e1rat\u00e1n\u00e1l 1 darab kamera tal\u00e1lhat\u00f3, amely az utcai frontra n\u00e9z<\/li>\n\n<li>a bej\u00e1rat\u00e1n\u00e1l 1 darab kamera tal\u00e1lhat\u00f3, amely a vend\u00e9gt\u00e9rre, folyos\u00f3ra n\u00e9z<\/li>\n\n<li>a vend\u00e9gt\u00e9rben 3 darab kamera tal\u00e1lhat\u00f3,<\/li>\n\n<li>az els\u0151 teraszn\u00e1l (doh\u00e1nyz\u00f3n\u00e1l) 1 darab kamera tal\u00e1lhat\u00f3<\/li>\n\n<li>a h\u00e1ts\u00f3 teraszn\u00e1l 2 darab kamera tal\u00e1lhat\u00f3<\/li>\n\n<li>a pavilon pultban 1 darab kamera tal\u00e1lhat\u00f3<\/li>\n\n<li>a pizza pultban 1 darab kamera tal\u00e1lhat\u00f3<\/li>\n<\/ul>\n\n<p>A kamer\u00e1k pontos hely\u00e9t \u00e9s az \u00e1ltaluk megfigyelt ter\u00fclet k\u00e9pfelv\u00e9tel\u00e9t a szab\u00e1lyzat 3. mell\u00e9klete tartalmazza.<\/p>\n\n<p><strong>8. Az \u00e9rintettek jogai<\/strong><\/p>\n\n<p><strong>8.1.<\/strong> \u00c9rintett: b\u00e1rmely meghat\u00e1rozott, szem\u00e9lyes adat alapj\u00e1n azonos\u00edtott vagy \u2013 k\u00f6zvetlen\u00fcl vagy k\u00f6zvetve \u2013 azonos\u00edthat\u00f3 term\u00e9szetes szem\u00e9ly (az inform\u00e1ci\u00f3s \u00f6nrendelkez\u00e9si jogr\u00f3l \u00e9s az inform\u00e1ci\u00f3szabads\u00e1gr\u00f3l sz\u00f3l\u00f3 2011. \u00e9vi CXII. t\u00f6rv\u00e9ny 3. \u00a7 1. pont).<\/p>\n\n<p><strong>8.2.<\/strong> Akinek jog\u00e1t vagy jogos \u00e9rdek\u00e9t a k\u00e9pfelv\u00e9tel, illetve m\u00e1s szem\u00e9lyes adat\u00e1nak r\u00f6gz\u00edt\u00e9se \u00e9rinti, a k\u00e9pfelv\u00e9tel, illetve m\u00e1s szem\u00e9lyes adat r\u00f6gz\u00edt\u00e9s\u00e9t\u0151l sz\u00e1m\u00edtott h\u00e1rom napon bel\u00fcl jog\u00e1nak vagy jogos \u00e9rdek\u00e9nek igazol\u00e1s\u00e1val k\u00e9rheti, hogy az adat ne ker\u00fclj\u00f6n megsemmis\u00edt\u00e9sre, illetve t\u00f6rl\u00e9sre. B\u00edr\u00f3s\u00e1g vagy m\u00e1s hat\u00f3s\u00e1g megkeres\u00e9s\u00e9re a r\u00f6gz\u00edtett k\u00e9pfelv\u00e9telt, valamint m\u00e1s szem\u00e9lyes adatot a b\u00edr\u00f3s\u00e1gnak vagy a hat\u00f3s\u00e1gnak halad\u00e9ktalanul meg kell k\u00fcldeni.<\/p>\n\n<p>Amennyiben megkeres\u00e9sre a megsemmis\u00edt\u00e9s mell\u0151z\u00e9s\u00e9nek k\u00e9r\u00e9s\u00e9t\u0151l sz\u00e1m\u00edtott harminc napon bel\u00fcl nem ker\u00fcl sor, a r\u00f6gz\u00edtett k\u00e9pfelv\u00e9telt, valamint m\u00e1s szem\u00e9lyes adatot meg kell semmis\u00edteni, illetve t\u00f6r\u00f6lni kell. A k\u00e9relmet a c\u00e9g r\u00e9sz\u00e9re kell beny\u00fajtani.<\/p>\n\n<p><strong>8.3.<\/strong> Az \u00e9rintett k\u00e9relmezheti a c\u00e9gt\u0151l<\/p>\n\n<ol class=\"wp-block-list\">\n<li>a) t\u00e1j\u00e9koztat\u00e1s\u00e1t szem\u00e9lyes adatai kezel\u00e9s\u00e9r\u0151l,<\/li>\n\n<li>b) szem\u00e9lyes adatainak helyesb\u00edt\u00e9s\u00e9t, valamint<\/li>\n\n<li>c) szem\u00e9lyes adatainak \u2013 a k\u00f6telez\u0151 adatkezel\u00e9s kiv\u00e9tel\u00e9vel \u2013 t\u00f6rl\u00e9s\u00e9t vagy z\u00e1rol\u00e1s\u00e1t<\/li>\n<\/ol>\n\n<p><strong>8.4.<\/strong> Az \u00e9rintett tiltakozhat szem\u00e9lyes adat\u00e1nak kezel\u00e9se ellen,<\/p>\n\n<p>a) ha a szem\u00e9lyes adatok kezel\u00e9se vagy tov\u00e1bb\u00edt\u00e1sa kiz\u00e1r\u00f3lag az adatkezel\u0151re vonatkoz\u00f3 jogi k\u00f6telezetts\u00e9g teljes\u00edt\u00e9s\u00e9hez vagy az adatkezel\u0151, adat\u00e1tvev\u0151 vagy harmadik szem\u00e9ly jogos \u00e9rdek\u00e9nek \u00e9rv\u00e9nyes\u00edt\u00e9s\u00e9hez sz\u00fcks\u00e9ges, kiv\u00e9ve k\u00f6telez\u0151 adatkezel\u00e9s eset\u00e9n,<\/p>\n\n<p>b) ha a szem\u00e9lyes adat felhaszn\u00e1l\u00e1sa vagy tov\u00e1bb\u00edt\u00e1sa k\u00f6zvetlen \u00fczletszerz\u00e9s, k\u00f6zv\u00e9lem\u00e9ny- kutat\u00e1s vagy tudom\u00e1nyos kutat\u00e1s c\u00e9lj\u00e1ra t\u00f6rt\u00e9nik.<\/p>\n\n<p><strong>8.5.<\/strong> Az \u00e9rintett a jogainak megs\u00e9rt\u00e9se eset\u00e9n az adatkezel\u0151 ellen b\u00edr\u00f3s\u00e1ghoz, adatv\u00e9delmi hat\u00f3s\u00e1ghoz fordulhat.<\/p>\n\n<p><strong>9. Egy\u00e9b inform\u00e1ci\u00f3k:<\/strong><\/p>\n\n<p>Az adatkezel\u00e9si szab\u00e1lyzat el\u00e9rhet\u0151 a c\u00e9g titk\u00e1rs\u00e1g\u00e1n, illetve let\u00f6lthet\u0151 a S\u00edh\u00e1z \u00c9tterem Kft. honlapj\u00e1r\u00f3l. (normafasihaz.hu)<\/p>\n\n<p>A szab\u00e1lyzat 2024. febru\u00e1r h\u00f3 20. napj\u00e1n l\u00e9p hat\u00e1lyba.<\/p>\n\n<p>Budapest, 2024. febru\u00e1r 20.<\/p>\n\n<p>____________________________________<\/p>\n\n<p><em>Bp. Essentials Kft.<\/em><\/p>\n\n<p>Elektronikus t\u00e9rfigyel\u0151 rendszer adatkezel\u00e9si szab\u00e1lyzata 1. mell\u00e9klet<\/p>\n\n<p><strong>KAMER\u00c1VAL MEGFIGYELT TER\u00dcLET! T\u00e1j\u00e9koztat\u00f3 adatkezel\u00e9sr\u0151l:<\/strong><\/p>\n\n<p>T\u00e1j\u00e9koztatjuk Tisztelt Vend\u00e9geinket, hogy a Normafa S\u00edh\u00e1z ter\u00fclet\u00e9n, az \u00e9p\u00fcleten bel\u00fcli, illetve az \u00e9p\u00fcleten k\u00edv\u00fcli mozg\u00e1st elektronikus megfigyel\u0151 rendszerrel (tov\u00e1bbiakban: kamer\u00e1kkal) figyelj\u00fck, mely sor\u00e1n szem\u00e9lyes adatokat tartalmaz\u00f3 k\u00e9pfelv\u00e9telek k\u00e9sz\u00fclnek.<\/p>\n\n<p>Az adatkezel\u00e9shez t\u00f6rt\u00e9n\u0151 hozz\u00e1j\u00e1rul\u00e1s \u00f6nk\u00e9ntes, r\u00e1utal\u00f3 magatart\u00e1ssal t\u00f6rt\u00e9nik. \u00d6n az \u00e9p\u00fclet ter\u00fclet\u00e9re t\u00f6rt\u00e9n\u0151 bel\u00e9p\u00e9ssel \u00e9s tart\u00f3zkod\u00e1ssal hozz\u00e1j\u00e1rul\u00e1s\u00e1t adja a k\u00e9pfelv\u00e9tellel kapcsolatos adatkezel\u00e9shez.<\/p>\n\n<p>A megfigyel\u00e9snek \u00e9s a k\u00e9pfelv\u00e9telek r\u00f6gz\u00edt\u00e9s\u00e9nek c\u00e9lja az \u00e9p\u00fclet ter\u00fclet\u00e9n tart\u00f3zkod\u00f3 szem\u00e9lyek \u00e9let\u00e9nek, testi \u00e9ps\u00e9g\u00e9nek, tov\u00e1bb\u00e1 a S\u00edh\u00e1z \u00c9tterem Kft. vagyont\u00e1rgyainak v\u00e9delme. Ennek keret\u00e9ben c\u00e9l a jogs\u00e9rt\u0151 cselekm\u00e9nyek megel\u0151z\u00e9se, a jogs\u00e9rt\u00e9sek \u00e9szlel\u00e9se, az elk\u00f6vet\u0151 tetten\u00e9r\u00e9se, illetve a felv\u00e9telek bizony\u00edt\u00e9kk\u00e9nt t\u00f6rt\u00e9n\u0151 felhaszn\u00e1l\u00e1sra a hat\u00f3s\u00e1gi elj\u00e1r\u00e1sok keret\u00e9ben.<\/p>\n\n<p>A k\u00e9pfelv\u00e9teleket az \u00e9p\u00fcletben l\u00e9v\u0151 kamer\u00e1k k\u00f6zponti felvev\u0151 egys\u00e9g\u00e9n 7 munkanapig t\u00e1roljuk.<\/p>\n\n<p>A kamerarendszert a S\u00edh\u00e1z \u00c9tterem Kft. m\u0171k\u00f6dteti. A Normafa S\u00edh\u00e1z \u00e9p\u00fclet\u00e9n bel\u00fcl 6 darab, illetve a bej\u00e1ratn\u00e1l \u00e9s a teraszokn\u00e1l 4 darab kamera tal\u00e1lhat\u00f3.<\/p>\n\n<p>A kamer\u00e1k pontos elhelyez\u00e9s\u00e9r\u0151l, \u00e9s az \u00e1ltaluk megfigyelt ter\u00fcletr\u0151l az adatkezel\u00e9si szab\u00e1lyzatb\u00f3l inform\u00e1l\u00f3dhat.<\/p>\n\n<p>B\u00e1rmely meghat\u00e1rozott, szem\u00e9lyes adat alapj\u00e1n azonos\u00edtott vagy \u2013 k\u00f6zvetlen\u00fcl vagy k\u00f6zvetve\u2013 azonos\u00edthat\u00f3 term\u00e9szetes szem\u00e9ly k\u00e9relmezheti<\/p>\n\n<ol class=\"wp-block-list\">\n<li>a) t\u00e1j\u00e9koztat\u00e1s\u00e1t szem\u00e9lyes adatainak kezel\u00e9s\u00e9r\u0151l,<\/li>\n\n<li>b) szem\u00e9lyes adatainak helyesb\u00edt\u00e9s\u00e9t, valamint<\/li>\n\n<li>c) szem\u00e9lyes adatainak \u2013 a k\u00f6telez\u0151 adatkezel\u00e9s kiv\u00e9tel\u00e9vel \u2013 t\u00f6rl\u00e9s\u00e9t vagy z\u00e1rol\u00e1s\u00e1t.<\/li>\n<\/ol>\n\n<p>A k\u00e9relmeket H\u00e1mori J\u00f3zsef \u00fcgyvezet\u0151n\u00e9l lehet beny\u00fajtani. Az adatkezel\u00e9si szab\u00e1lyzat el\u00e9rhet\u0151 a C\u00e9g titk\u00e1rs\u00e1g\u00e1n, illetve let\u00f6lthet\u0151 a normafasihaz.hu honlapj\u00e1r\u00f3l<\/p>\n\n<p>Budapest, 2024. 02.20.<\/p>\n\n<p>___________________________________<\/p>\n\n<p><em>S\u00edh\u00e1z \u00c9tterem Kft.<\/em><\/p>\n\n<p><strong>Elektronikus t\u00e9rfigyel\u0151 rendszer adatkezel\u00e9si szab\u00e1lyzata 2. mell\u00e9klet<\/strong><\/p>\n\n<p>A kamer\u00e1k \u00e1ltal k\u00e9sz\u00edtett \u00e9s t\u00e1rol\u00e1sra ker\u00fclt felv\u00e9telek visszan\u00e9z\u00e9s\u00e9re jogosultak k\u00f6re<\/p>\n\n<ul class=\"wp-block-list\">\n<li>A c\u00e9g r\u00e9sz\u00e9r\u0151l kijel\u00f6lt szem\u00e9ly (Tepl\u00e1n D\u00e1niel)<\/li>\n\n<li>Informatikus (Tepl\u00e1n D\u00e1niel) A kamer\u00e1k \u00e1ltal k\u00e9sz\u00edtett \u00e9s t\u00e1rol\u00e1sra ker\u00fclt felv\u00e9telekr\u0151l ment\u00e9s k\u00e9sz\u00edt\u00e9s\u00e9re jogosultak k\u00f6re<\/li>\n\n<li>A c\u00e9g r\u00e9sz\u00e9r\u0151l kijel\u00f6lt szem\u00e9ly (Cris\u00e1n J\u00e1nos)<\/li>\n\n<li>Informatikus (Szab\u00f3 Borsika)<\/li>\n<\/ul>\n\n<p><strong>Elektronikus t\u00e9rfigyel\u0151 rendszer adatkezel\u00e9si szab\u00e1lyzata 3. mell\u00e9klete<\/strong><\/p>\n\n<p><strong>\u00e9p\u00fcleten bel\u00fcl l\u00e9v\u0151 kamer\u00e1k elhelyez\u00e9s\u00e9vel kapcsolatos inform\u00e1ci\u00f3k<\/strong><\/p>\n\n<figure class=\"wp-block-table\">\n<table>\n<thead>\n<tr>\n<th>Sorsz\u00e1m<\/th>\n<th>Kamer\u00e1k elhelyez\u00e9se<\/th>\n<th>Kamer\u00e1k elhelyez\u00e9s\u00e9nek c\u00e9lja<\/th>\n<th>Kamer\u00e1k, berendez\u00e9s, amelyre a kamera l\u00e1t\u00f3sz\u00f6ge ir\u00e1nyul<\/th>\n<th>Adatr\u00f6gz\u00edt\u00e9s c\u00e9lja<\/th>\n<\/tr>\n<\/thead>\n<tbody>\n<tr>\n<td><strong>1.<\/strong><\/td>\n<td>Bej\u00e1rat<\/td>\n<td>Az \u00e9p\u00fcletbe bel\u00e9p\u0151, onnan t\u00e1voz\u00f3 szem\u00e9lyek mozg\u00e1si ir\u00e1ny\u00e1nak megfigyel\u00e9se.<\/td>\n<td>A bej\u00e1rati ajt\u00f3k \u00e9s k\u00f6zvetlen k\u00f6rnyezete az utca fronra<\/td>\n<td>\u00e9let- \u00e9s testi\u00e9ps\u00e9g v\u00e9delme, vagyonv\u00e9delem<\/td>\n<\/tr>\n<tr>\n<td><strong>2.<\/strong><\/td>\n<td>Bej\u00e1rat<\/td>\n<td>Az \u00e9p\u00fcletben tart\u00f3zkod\u00f3 szem\u00e9lyek mozg\u00e1si ir\u00e1ny\u00e1nak megfigyel\u00e9se.<\/td>\n<td>Folyos\u00f3<\/td>\n<td>\u00e9let- \u00e9s testi\u00e9ps\u00e9g v\u00e9delme, vagyonv\u00e9delem<\/td>\n<\/tr>\n<tr>\n<td><strong>3.<\/strong><\/td>\n<td>Vend\u00e9gt\u00e9r<\/td>\n<td>Az \u00e9p\u00fcletben tart\u00f3zkod\u00f3 szem\u00e9lyek mozg\u00e1si ir\u00e1ny\u00e1nak megfigyel\u00e9se.<\/td>\n<td>Vend\u00e9gt\u00e9r<\/td>\n<td>\u00e9let- \u00e9s testi\u00e9ps\u00e9g v\u00e9delme, vagyonv\u00e9delem<\/td>\n<\/tr>\n<tr>\n<td><strong>4.<\/strong><\/td>\n<td>Els\u0151 terasz<\/td>\n<td>Az els\u0151 teraszon tart\u00f3zkod\u00f3 szem\u00e9lyek mozg\u00e1si ir\u00e1ny\u00e1nak megfigyel\u00e9se.<\/td>\n<td>Els\u0151 terasz<\/td>\n<td>\u00e9let- \u00e9s testi\u00e9ps\u00e9g v\u00e9delme, vagyonv\u00e9delem<\/td>\n<\/tr>\n<tr>\n<td><strong>5.<\/strong><\/td>\n<td>H\u00e1ts\u00f3 terasz<\/td>\n<td>A h\u00e1ts\u00f3 teraszon tart\u00f3zkod\u00f3 szem\u00e9lyek mozg\u00e1si ir\u00e1ny\u00e1nak megfigyel\u00e9se.<\/td>\n<td>H\u00e1ts\u00f3 terasz<\/td>\n<td>\u00e9let- \u00e9s testi\u00e9ps\u00e9g v\u00e9delme, vagyonv\u00e9delem<\/td>\n<\/tr>\n<tr>\n<td><strong>6.<\/strong><\/td>\n<td>Pizza pult<\/td>\n<td>A vend\u00e9gt\u00e9rben tart\u00f3zk\u00f3 szem\u00e9lyek mozg\u00e1si ir\u00e1ny\u00e1nak a megfigyel\u00e9se<\/td>\n<td>Vend\u00e9gt\u00e9r<\/td>\n<td>\u00e9let- \u00e9s testi\u00e9ps\u00e9g v\u00e9delme, vagyonv\u00e9delem<\/td>\n<\/tr>\n<tr>\n<td><strong>7.<\/strong><\/td>\n<td>Pavilon<\/td>\n<td>A pavilonban tart\u00f3zkod\u00f3 szem\u00e9lyek mozg\u00e1si ir\u00e1ny\u00e1nak megfigyel\u00e9se.<\/td>\n<td>Pavilon<\/td>\n<td>\u00e9let- \u00e9s testi\u00e9ps\u00e9g v\u00e9delme, vagyonv\u00e9delem<\/td>\n<\/tr>\n<\/tbody>\n<\/table>\n<\/figure>\n\t\t\t\t\t\t\t\t<\/div>\n\t\t\t\t<\/div>\n\t\t\t\t\t<\/div>\n\t\t\t\t<\/div>\n\t\t\t\t<\/div>","protected":false},"excerpt":{"rendered":"<p>A NORMA S\u00cdH\u00c1Z \u00c9P\u00dcLET\u00c9BEN M\u0170K\u00d6DTETETT ELEKTRONIKUS T\u00c9RFIGYEL\u0150 RENDSZER ADATKEZEL\u00c9SI SZAB\u00c1LYZATA Ezen szab\u00e1lyzat a S\u00edh\u00e1z \u00c9tterem Kft. (tov\u00e1bbiakban Adatkezel\u0151) \u00e1ltal \u00fczemeltetett Normafa S\u00edh\u00e1z \u00e9p\u00fclet\u00e9ben m\u0171k\u00f6dtett elektronikus t\u00e9rfigyel\u0151 rendszer \u00e1ltal r\u00f6gz\u00edtett adatokra vonatkoz\u00f3 szab\u00e1lyokat tartalmazza: 1. A kezelt adatok k\u00f6re A Normafa S\u00edh\u00e1z \u00e9p\u00fclet\u00e9ben a bej\u00e1ratn\u00e1l, a vend\u00e9gt\u00e9rben, a pavilonban, a h\u00e1ts\u00f3 teraszon, az els\u0151 teraszon \u00e9s [&hellip;]<\/p>","protected":false},"author":8,"featured_media":0,"parent":0,"menu_order":0,"comment_status":"closed","ping_status":"closed","template":"","meta":{"_acf_changed":false,"_seopress_robots_primary_cat":"","_seopress_titles_title":"","_seopress_titles_desc":"","_seopress_robots_index":"","iawp_total_views":245,"footnotes":""},"class_list":["post-2193","page","type-page","status-publish","hentry"],"acf":[],"_links":{"self":[{"href":"https:\/\/normafasihaz.hu\/en\/wp-json\/wp\/v2\/pages\/2193","targetHints":{"allow":["GET"]}}],"collection":[{"href":"https:\/\/normafasihaz.hu\/en\/wp-json\/wp\/v2\/pages"}],"about":[{"href":"https:\/\/normafasihaz.hu\/en\/wp-json\/wp\/v2\/types\/page"}],"author":[{"embeddable":true,"href":"https:\/\/normafasihaz.hu\/en\/wp-json\/wp\/v2\/users\/8"}],"replies":[{"embeddable":true,"href":"https:\/\/normafasihaz.hu\/en\/wp-json\/wp\/v2\/comments?post=2193"}],"version-history":[{"count":7,"href":"https:\/\/normafasihaz.hu\/en\/wp-json\/wp\/v2\/pages\/2193\/revisions"}],"predecessor-version":[{"id":3857,"href":"https:\/\/normafasihaz.hu\/en\/wp-json\/wp\/v2\/pages\/2193\/revisions\/3857"}],"wp:attachment":[{"href":"https:\/\/normafasihaz.hu\/en\/wp-json\/wp\/v2\/media?parent=2193"}],"curies":[{"name":"wp","href":"https:\/\/api.w.org\/{rel}","templated":true}]}}